{"id":15338,"date":"2022-02-07T13:16:10","date_gmt":"2022-02-07T12:16:10","guid":{"rendered":"http:\/\/hull.de\/osnabrueck\/?page_id=15338"},"modified":"2026-08-19T14:13:30","modified_gmt":"2026-08-19T12:13:30","slug":"veranstaltungskalender","status":"publish","type":"page","link":"https:\/\/hull.de\/osnabrueck\/veranstaltungskalender\/","title":{"rendered":"Veranstaltungskalender"},"content":{"rendered":"<p><div class=\"fusion-fullwidth fullwidth-box fusion-builder-row-1 fusion-flex-container fusion-parallax-none nonhundred-percent-fullwidth non-hundred-percent-height-scrolling\" style=\"--awb-border-radius-top-left:0px;--awb-border-radius-top-right:0px;--awb-border-radius-bottom-right:0px;--awb-border-radius-bottom-left:0px;--awb-margin-bottom:60px;--awb-min-height:350px;--awb-background-image:url(&quot;https:\/\/hull.de\/osnabrueck\/wp-content\/uploads\/sites\/2\/2022\/02\/Event_Kalender_Header.jpg&quot;);--awb-background-size:cover;--awb-flex-wrap:wrap;\" ><div class=\"fusion-builder-row fusion-row fusion-flex-align-items-center fusion-flex-content-wrap\" style=\"max-width:1216.8px;margin-left: calc(-4% \/ 2 );margin-right: calc(-4% \/ 2 );\"><div class=\"fusion-layout-column fusion_builder_column fusion-builder-column-0 fusion_builder_column_1_1 1_1 fusion-flex-column\" style=\"--awb-bg-size:cover;--awb-width-large:100%;--awb-margin-top-large:15px;--awb-spacing-right-large:1.92%;--awb-margin-bottom-large:15px;--awb-spacing-left-large:1.92%;--awb-width-medium:100%;--awb-order-medium:0;--awb-spacing-right-medium:1.92%;--awb-spacing-left-medium:1.92%;--awb-width-small:100%;--awb-order-small:0;--awb-spacing-right-small:1.92%;--awb-spacing-left-small:1.92%;\"><div class=\"fusion-column-wrapper fusion-column-has-shadow fusion-flex-justify-content-flex-start fusion-content-layout-column\"><div class=\"fusion-title title fusion-title-1 fusion-sep-none fusion-title-text fusion-title-size-one\" style=\"--awb-text-color:#ffffff;--awb-margin-top-small:0px;--awb-margin-right-small:0px;--awb-margin-bottom-small:20px;--awb-margin-left-small:0px;\"><h1 class=\"fusion-title-heading title-heading-left fusion-responsive-typography-calculated\" style=\"margin:0;--fontSize:90;line-height:1;\">Veranstaltungskalender<\/h1><\/div><\/div><\/div><\/div><\/div><div class=\"fusion-fullwidth fullwidth-box fusion-builder-row-2 fusion-flex-container nonhundred-percent-fullwidth non-hundred-percent-height-scrolling\" style=\"--awb-border-radius-top-left:0px;--awb-border-radius-top-right:0px;--awb-border-radius-bottom-right:0px;--awb-border-radius-bottom-left:0px;--awb-flex-wrap:wrap;\" ><div class=\"fusion-builder-row fusion-row fusion-flex-align-items-flex-start fusion-flex-content-wrap\" style=\"max-width:1216.8px;margin-left: calc(-4% \/ 2 );margin-right: calc(-4% \/ 2 );\"><div class=\"fusion-layout-column fusion_builder_column fusion-builder-column-1 fusion_builder_column_1_1 1_1 fusion-flex-column\" style=\"--awb-bg-size:cover;--awb-width-large:100%;--awb-margin-top-large:15px;--awb-spacing-right-large:1.92%;--awb-margin-bottom-large:15px;--awb-spacing-left-large:1.92%;--awb-width-medium:100%;--awb-order-medium:0;--awb-spacing-right-medium:1.92%;--awb-spacing-left-medium:1.92%;--awb-width-small:100%;--awb-order-small:0;--awb-spacing-right-small:1.92%;--awb-spacing-left-small:1.92%;\"><div class=\"fusion-column-wrapper fusion-column-has-shadow fusion-flex-justify-content-flex-start fusion-content-layout-column\"><div class=\"fusion-text fusion-text-1\" style=\"--awb-text-transform:none;\"><p>Hier findest du alle kommenden Workshops &amp; Tanzevents unserer Tanzschule sowie die Termine der legend\u00e4ren Abschlussb\u00e4lle!<\/p>\n<p>Viele Veranstaltungen sind f\u00fcr unsere XL-Tarif Kunden kostenlos!<br \/>Neue Gesichter sind nat\u00fcrlich immer willkommen.<br \/>Alle Infos findest du direkt, wenn du die gew\u00fcnschte Veranstaltung aufrufst.<\/p>\n<p>Fragen dazu beantworten wir dir gerne auch telefonisch unter 0541\/3315011<\/p>\n<\/div><\/div><\/div><\/div><\/div><div class=\"fusion-fullwidth fullwidth-box fusion-builder-row-3 fusion-flex-container has-pattern-background has-mask-background nonhundred-percent-fullwidth non-hundred-percent-height-scrolling\" style=\"--awb-border-radius-top-left:0px;--awb-border-radius-top-right:0px;--awb-border-radius-bottom-right:0px;--awb-border-radius-bottom-left:0px;--awb-padding-bottom:60px;--awb-flex-wrap:wrap;\" ><div class=\"fusion-builder-row fusion-row fusion-flex-align-items-flex-start fusion-flex-content-wrap\" style=\"max-width:1216.8px;margin-left: calc(-4% \/ 2 );margin-right: calc(-4% \/ 2 );\"><div class=\"fusion-layout-column fusion_builder_column fusion-builder-column-2 fusion_builder_column_1_1 1_1 fusion-flex-column\" style=\"--awb-bg-size:cover;--awb-width-large:100%;--awb-margin-top-large:15px;--awb-spacing-right-large:1.92%;--awb-margin-bottom-large:0px;--awb-spacing-left-large:1.92%;--awb-width-medium:100%;--awb-order-medium:0;--awb-spacing-right-medium:1.92%;--awb-spacing-left-medium:1.92%;--awb-width-small:100%;--awb-order-small:0;--awb-spacing-right-small:1.92%;--awb-spacing-left-small:1.92%;\"><div class=\"fusion-column-wrapper fusion-column-has-shadow fusion-flex-justify-content-flex-start fusion-content-layout-column\"><div class=\"fusion-title title fusion-title-2 sep-underline sep-solid fusion-title-text fusion-title-size-four\" style=\"--awb-margin-top-small:0px;--awb-margin-right-small:0px;--awb-margin-bottom-small:20px;--awb-margin-left-small:0px;--awb-sep-color:var(--awb-color7);\"><h4 class=\"fusion-title-heading title-heading-left fusion-responsive-typography-calculated\" style=\"margin:0;--fontSize:42;line-height:1.13;\">Community Friday \u2013 Jeden Freitag ein anderer Tanzstil<\/h4><\/div><\/div><\/div><div class=\"fusion-layout-column fusion_builder_column fusion-builder-column-3 fusion_builder_column_1_3 1_3 fusion-flex-column\" style=\"--awb-bg-size:cover;--awb-width-large:33.333333333333%;--awb-margin-top-large:0px;--awb-spacing-right-large:5.76%;--awb-margin-bottom-large:15px;--awb-spacing-left-large:5.76%;--awb-width-medium:100%;--awb-order-medium:0;--awb-spacing-right-medium:1.92%;--awb-spacing-left-medium:1.92%;--awb-width-small:100%;--awb-order-small:0;--awb-spacing-right-small:1.92%;--awb-spacing-left-small:1.92%;\"><div class=\"fusion-column-wrapper fusion-column-has-shadow fusion-flex-justify-content-flex-start fusion-content-layout-column\"><div class=\"fusion-image-element \" style=\"--awb-caption-title-font-family:var(--h2_typography-font-family);--awb-caption-title-font-weight:var(--h2_typography-font-weight);--awb-caption-title-font-style:var(--h2_typography-font-style);--awb-caption-title-size:var(--h2_typography-font-size);--awb-caption-title-transform:var(--h2_typography-text-transform);--awb-caption-title-line-height:var(--h2_typography-line-height);--awb-caption-title-letter-spacing:var(--h2_typography-letter-spacing);--awb-filter:brightness(101%);--awb-filter-transition:filter 0.3s ease;--awb-filter-hover:brightness(100%);\"><span class=\" fusion-imageframe imageframe-none imageframe-1 hover-type-none\"><img decoding=\"async\" width=\"1080\" height=\"1350\" title=\"CF_August\" src=\"https:\/\/hull.de\/osnabrueck\/wp-content\/uploads\/sites\/2\/2026\/08\/CF_August.jpg\" alt class=\"img-responsive wp-image-17449\" srcset=\"https:\/\/hull.de\/osnabrueck\/wp-content\/uploads\/sites\/2\/2026\/08\/CF_August-200x250.jpg 200w, https:\/\/hull.de\/osnabrueck\/wp-content\/uploads\/sites\/2\/2026\/08\/CF_August-400x500.jpg 400w, https:\/\/hull.de\/osnabrueck\/wp-content\/uploads\/sites\/2\/2026\/08\/CF_August-600x750.jpg 600w, https:\/\/hull.de\/osnabrueck\/wp-content\/uploads\/sites\/2\/2026\/08\/CF_August-800x1000.jpg 800w, https:\/\/hull.de\/osnabrueck\/wp-content\/uploads\/sites\/2\/2026\/08\/CF_August.jpg 1080w\" sizes=\"(max-width: 1000px) 100vw, (max-width: 640px) 100vw, 400px\" \/><\/span><\/div><\/div><\/div><div class=\"fusion-layout-column fusion_builder_column fusion-builder-column-4 fusion_builder_column_2_3 2_3 fusion-flex-column\" style=\"--awb-bg-size:cover;--awb-width-large:66.666666666667%;--awb-margin-top-large:0px;--awb-spacing-right-large:2.88%;--awb-margin-bottom-large:15px;--awb-spacing-left-large:2.88%;--awb-width-medium:100%;--awb-order-medium:0;--awb-spacing-right-medium:1.92%;--awb-spacing-left-medium:1.92%;--awb-width-small:100%;--awb-order-small:0;--awb-spacing-right-small:1.92%;--awb-spacing-left-small:1.92%;\"><div class=\"fusion-column-wrapper fusion-column-has-shadow fusion-flex-justify-content-flex-start fusion-content-layout-column\"><div class=\"fusion-text fusion-text-2\"><p>Nach unserer Summer Edition geht es mit zwei besonderen Freitagen weiter:<\/p>\n<p><b>21.08. High Heels Birthday Class mit Nastia: <\/b><span style=\"font-family: var(--awb-text-font-family); font-size: var(--awb-font-size); font-style: var(--awb-text-font-style); letter-spacing: var(--awb-letter-spacing); text-align: var(--awb-content-alignment); text-transform: var(--awb-text-transform);\">Diese Woche wird nicht nur getanzt, sondern auch Geburtstag gefeiert! Nastya macht aus ihrer High Heels Class ein Birthday Special. Passend dazu lautet das Motto f\u00fcr eure Outfits: Rot, Schwarz &amp; Wei\u00df. <\/span><\/p>\n<p><span style=\"font-family: var(--awb-text-font-family); font-size: var(--awb-font-size); font-style: var(--awb-text-font-style); letter-spacing: var(--awb-letter-spacing); text-align: var(--awb-content-alignment); text-transform: var(--awb-text-transform);\"><b> <\/b><\/span><span style=\"font-family: var(--awb-text-font-family); font-size: var(--awb-font-size); font-style: var(--awb-text-font-style); letter-spacing: var(--awb-letter-spacing); text-align: var(--awb-content-alignment); text-transform: var(--awb-text-transform);\"><b>Und wir haben uns spontan noch etwas f\u00fcr euch \u00fcberlegt:<\/b> Parallel zur High Heels Class findet ein <b>\u00dcbungsabend mit Valentin<\/b> statt! Ihr habt also die Wahl \u2013 ab auf die Heels oder gemeinsam mit Valentin auf die Tanzfl\u00e4che.<\/span><\/p>\n<p>Und weil der Community Friday mitten in unserer Woche der offenen T\u00fcr stattfindet, ist das die perfekte Gelegenheit, auch jemanden mitzubringen, der uns und unsere Tanzschule noch nicht kennt.<\/p>\n<p>20:30\u201322:00 Uhr<\/p>\n<p>Hull Members kostenlos \/\/ G\u00e4ste 5 \u20ac<\/p>\n<p>Keine Anmeldung n\u00f6tig, kommt einfach vorbei.<\/p>\n<p><b>28.08. Dance to the World Summer Battle:  <\/b><span style=\"font-family: var(--awb-text-font-family); font-size: var(--awb-font-size); font-style: var(--awb-text-font-style); letter-spacing: var(--awb-letter-spacing); text-align: var(--awb-content-alignment); text-transform: var(--awb-text-transform);\">An diesem Freitag findet kein regul\u00e4rer Community Friday bei uns in der Tanzschule statt, denn wir sind beim Dance to the World Summer Battle in M\u00fcnster. Kommt vorbei, feuert die T\u00e4nzer an und verbringt den Tag gemeinsam mit uns!<\/span><\/p>\n<\/div><\/div><\/div><\/div><\/div><div class=\"fusion-fullwidth fullwidth-box fusion-builder-row-4 fusion-flex-container has-pattern-background has-mask-background nonhundred-percent-fullwidth non-hundred-percent-height-scrolling\" style=\"--awb-border-radius-top-left:0px;--awb-border-radius-top-right:0px;--awb-border-radius-bottom-right:0px;--awb-border-radius-bottom-left:0px;--awb-padding-bottom:60px;--awb-flex-wrap:wrap;\" ><div class=\"fusion-builder-row fusion-row fusion-flex-align-items-flex-start fusion-flex-content-wrap\" style=\"max-width:1216.8px;margin-left: calc(-4% \/ 2 );margin-right: calc(-4% \/ 2 );\"><div class=\"fusion-layout-column fusion_builder_column fusion-builder-column-5 fusion_builder_column_1_1 1_1 fusion-flex-column\" style=\"--awb-bg-size:cover;--awb-width-large:100%;--awb-margin-top-large:15px;--awb-spacing-right-large:1.92%;--awb-margin-bottom-large:0px;--awb-spacing-left-large:1.92%;--awb-width-medium:100%;--awb-order-medium:0;--awb-spacing-right-medium:1.92%;--awb-spacing-left-medium:1.92%;--awb-width-small:100%;--awb-order-small:0;--awb-spacing-right-small:1.92%;--awb-spacing-left-small:1.92%;\"><div class=\"fusion-column-wrapper fusion-column-has-shadow fusion-flex-justify-content-flex-start fusion-content-layout-column\"><div class=\"fusion-title title fusion-title-3 sep-underline sep-solid fusion-title-text fusion-title-size-four\" style=\"--awb-margin-top-small:0px;--awb-margin-right-small:0px;--awb-margin-bottom-small:20px;--awb-margin-left-small:0px;--awb-sep-color:var(--awb-color7);\"><h4 class=\"fusion-title-heading title-heading-left fusion-responsive-typography-calculated\" style=\"margin:0;--fontSize:42;line-height:1.13;\">P\u00c4NG! &#8211; Die Sch\u00fclerparty<\/h4><\/div><\/div><\/div><div class=\"fusion-layout-column fusion_builder_column fusion-builder-column-6 fusion_builder_column_1_3 1_3 fusion-flex-column\" style=\"--awb-bg-size:cover;--awb-width-large:33.333333333333%;--awb-margin-top-large:0px;--awb-spacing-right-large:5.76%;--awb-margin-bottom-large:15px;--awb-spacing-left-large:5.76%;--awb-width-medium:100%;--awb-order-medium:0;--awb-spacing-right-medium:1.92%;--awb-spacing-left-medium:1.92%;--awb-width-small:100%;--awb-order-small:0;--awb-spacing-right-small:1.92%;--awb-spacing-left-small:1.92%;\"><div class=\"fusion-column-wrapper fusion-column-has-shadow fusion-flex-justify-content-flex-start fusion-content-layout-column\"><div class=\"fusion-image-element \" style=\"--awb-caption-title-font-family:var(--h2_typography-font-family);--awb-caption-title-font-weight:var(--h2_typography-font-weight);--awb-caption-title-font-style:var(--h2_typography-font-style);--awb-caption-title-size:var(--h2_typography-font-size);--awb-caption-title-transform:var(--h2_typography-text-transform);--awb-caption-title-line-height:var(--h2_typography-line-height);--awb-caption-title-letter-spacing:var(--h2_typography-letter-spacing);--awb-filter:brightness(101%);--awb-filter-transition:filter 0.3s ease;--awb-filter-hover:brightness(100%);\"><span class=\" fusion-imageframe imageframe-none imageframe-2 hover-type-none\"><img decoding=\"async\" width=\"1080\" height=\"1350\" title=\"WhiteOrGlitter_Insta\" src=\"http:\/\/hull.de\/osnabrueck\/wp-content\/uploads\/sites\/2\/2026\/08\/WhiteOrGlitter_Insta.jpg\" alt class=\"img-responsive wp-image-17504\" srcset=\"https:\/\/hull.de\/osnabrueck\/wp-content\/uploads\/sites\/2\/2026\/08\/WhiteOrGlitter_Insta-200x250.jpg 200w, https:\/\/hull.de\/osnabrueck\/wp-content\/uploads\/sites\/2\/2026\/08\/WhiteOrGlitter_Insta-400x500.jpg 400w, https:\/\/hull.de\/osnabrueck\/wp-content\/uploads\/sites\/2\/2026\/08\/WhiteOrGlitter_Insta-600x750.jpg 600w, https:\/\/hull.de\/osnabrueck\/wp-content\/uploads\/sites\/2\/2026\/08\/WhiteOrGlitter_Insta-800x1000.jpg 800w, https:\/\/hull.de\/osnabrueck\/wp-content\/uploads\/sites\/2\/2026\/08\/WhiteOrGlitter_Insta.jpg 1080w\" sizes=\"(max-width: 1000px) 100vw, (max-width: 640px) 100vw, 400px\" \/><\/span><\/div><\/div><\/div><div class=\"fusion-layout-column fusion_builder_column fusion-builder-column-7 fusion_builder_column_2_3 2_3 fusion-flex-column\" style=\"--awb-bg-size:cover;--awb-width-large:66.666666666667%;--awb-margin-top-large:0px;--awb-spacing-right-large:2.88%;--awb-margin-bottom-large:15px;--awb-spacing-left-large:2.88%;--awb-width-medium:100%;--awb-order-medium:0;--awb-spacing-right-medium:1.92%;--awb-spacing-left-medium:1.92%;--awb-width-small:100%;--awb-order-small:0;--awb-spacing-right-small:1.92%;--awb-spacing-left-small:1.92%;\"><div class=\"fusion-column-wrapper fusion-column-has-shadow fusion-flex-justify-content-flex-start fusion-content-layout-column\"><div class=\"fusion-text fusion-text-3\"><p>P\u00c4NG! \u2013 WHITE OR GLITTER<\/p>\n<p><b>Am 12.09. hei\u00dft es wieder: P\u00c4NG! &#8211; die Sch\u00fclerparty <\/b><\/p>\n<p>Dieses Mal wird\u2019s WHITE OR GLITTER \u2013 also schmei\u00dft euch in Wei\u00df, packt den Glitzer aus oder kombiniert einfach beides! <\/p>\n<p><span style=\"font-family: var(--awb-text-font-family); font-size: var(--awb-font-size); font-style: var(--awb-text-font-style); letter-spacing: var(--awb-letter-spacing); text-align: var(--awb-content-alignment); text-transform: var(--awb-text-transform);\">Die wichtigsten Infos:<\/span><\/p>\n<p>12.09.26<\/p>\n<p><span style=\"font-family: var(--awb-text-font-family); font-size: var(--awb-font-size); font-style: var(--awb-text-font-style); letter-spacing: var(--awb-letter-spacing); text-align: var(--awb-content-alignment); text-transform: var(--awb-text-transform);\">18:00\u201322:00 Uhr<\/span><\/p>\n<p>VVK 10 \u20ac | AK 15 \u20ac<\/p>\n<p>ab 13 Jahren<\/p>\n<p><b>Dresscode: All White, Glitter oder beides<\/b><\/p>\n<p>Tickets sind ab dem 24.08. online erh\u00e4ltlich.<\/p>\n<p>Der Link zum Ticketverkauf folgt.<\/p>\n<p>Wir freuen uns auf euch \u2013 P\u00c4NG! <img decoding=\"async\" draggable=\"false\" role=\"img\" class=\"emoji\" alt=\"\ud83d\udca5\" src=\"https:\/\/s.w.org\/images\/core\/emoji\/17.0.2\/svg\/1f4a5.svg\"><\/p>\n<\/div><\/div><\/div><\/div><\/div><div class=\"fusion-fullwidth fullwidth-box fusion-builder-row-5 fusion-flex-container has-pattern-background has-mask-background nonhundred-percent-fullwidth non-hundred-percent-height-scrolling\" style=\"--awb-border-radius-top-left:0px;--awb-border-radius-top-right:0px;--awb-border-radius-bottom-right:0px;--awb-border-radius-bottom-left:0px;--awb-padding-bottom:60px;--awb-flex-wrap:wrap;\" ><div class=\"fusion-builder-row fusion-row fusion-flex-align-items-flex-start fusion-flex-content-wrap\" style=\"max-width:1216.8px;margin-left: calc(-4% \/ 2 );margin-right: calc(-4% \/ 2 );\"><div class=\"fusion-layout-column fusion_builder_column fusion-builder-column-8 fusion_builder_column_1_1 1_1 fusion-flex-column\" style=\"--awb-bg-size:cover;--awb-width-large:100%;--awb-margin-top-large:15px;--awb-spacing-right-large:1.92%;--awb-margin-bottom-large:0px;--awb-spacing-left-large:1.92%;--awb-width-medium:100%;--awb-order-medium:0;--awb-spacing-right-medium:1.92%;--awb-spacing-left-medium:1.92%;--awb-width-small:100%;--awb-order-small:0;--awb-spacing-right-small:1.92%;--awb-spacing-left-small:1.92%;\"><div class=\"fusion-column-wrapper fusion-column-has-shadow fusion-flex-justify-content-flex-start fusion-content-layout-column\"><div class=\"fusion-title title fusion-title-4 sep-underline sep-solid fusion-title-text fusion-title-size-four\" style=\"--awb-margin-top-small:0px;--awb-margin-right-small:0px;--awb-margin-bottom-small:20px;--awb-margin-left-small:0px;--awb-sep-color:var(--awb-color7);\"><h4 class=\"fusion-title-heading title-heading-left fusion-responsive-typography-calculated\" style=\"margin:0;--fontSize:42;line-height:1.13;\">Woche der offenen T\u00fcr 17.08.-23.08.26<\/h4><\/div><\/div><\/div><div class=\"fusion-layout-column fusion_builder_column fusion-builder-column-9 fusion_builder_column_1_3 1_3 fusion-flex-column\" style=\"--awb-bg-size:cover;--awb-width-large:33.333333333333%;--awb-margin-top-large:0px;--awb-spacing-right-large:5.76%;--awb-margin-bottom-large:15px;--awb-spacing-left-large:5.76%;--awb-width-medium:100%;--awb-order-medium:0;--awb-spacing-right-medium:1.92%;--awb-spacing-left-medium:1.92%;--awb-width-small:100%;--awb-order-small:0;--awb-spacing-right-small:1.92%;--awb-spacing-left-small:1.92%;\"><div class=\"fusion-column-wrapper fusion-column-has-shadow fusion-flex-justify-content-flex-start fusion-content-layout-column\"><div class=\"fusion-image-element \" style=\"--awb-caption-title-font-family:var(--h2_typography-font-family);--awb-caption-title-font-weight:var(--h2_typography-font-weight);--awb-caption-title-font-style:var(--h2_typography-font-style);--awb-caption-title-size:var(--h2_typography-font-size);--awb-caption-title-transform:var(--h2_typography-text-transform);--awb-caption-title-line-height:var(--h2_typography-line-height);--awb-caption-title-letter-spacing:var(--h2_typography-letter-spacing);--awb-filter:brightness(101%);--awb-filter-transition:filter 0.3s ease;--awb-filter-hover:brightness(100%);\"><span class=\" fusion-imageframe imageframe-none imageframe-3 hover-type-none\"><img decoding=\"async\" width=\"1080\" height=\"1350\" title=\"Insta_Woche der offenen Tu\u0308ren_Insta_2026_Sommer\" src=\"https:\/\/hull.de\/osnabrueck\/wp-content\/uploads\/sites\/2\/2026\/06\/Insta_Woche-der-offenen-Tueren_Insta_2026_Sommer.jpg\" alt class=\"img-responsive wp-image-17278\" srcset=\"https:\/\/hull.de\/osnabrueck\/wp-content\/uploads\/sites\/2\/2026\/06\/Insta_Woche-der-offenen-Tueren_Insta_2026_Sommer-200x250.jpg 200w, https:\/\/hull.de\/osnabrueck\/wp-content\/uploads\/sites\/2\/2026\/06\/Insta_Woche-der-offenen-Tueren_Insta_2026_Sommer-400x500.jpg 400w, https:\/\/hull.de\/osnabrueck\/wp-content\/uploads\/sites\/2\/2026\/06\/Insta_Woche-der-offenen-Tueren_Insta_2026_Sommer-600x750.jpg 600w, https:\/\/hull.de\/osnabrueck\/wp-content\/uploads\/sites\/2\/2026\/06\/Insta_Woche-der-offenen-Tueren_Insta_2026_Sommer-800x1000.jpg 800w, https:\/\/hull.de\/osnabrueck\/wp-content\/uploads\/sites\/2\/2026\/06\/Insta_Woche-der-offenen-Tueren_Insta_2026_Sommer.jpg 1080w\" sizes=\"(max-width: 1000px) 100vw, (max-width: 640px) 100vw, 400px\" \/><\/span><\/div><\/div><\/div><div class=\"fusion-layout-column fusion_builder_column fusion-builder-column-10 fusion_builder_column_2_3 2_3 fusion-flex-column\" style=\"--awb-bg-size:cover;--awb-width-large:66.666666666667%;--awb-margin-top-large:0px;--awb-spacing-right-large:2.88%;--awb-margin-bottom-large:15px;--awb-spacing-left-large:2.88%;--awb-width-medium:100%;--awb-order-medium:0;--awb-spacing-right-medium:1.92%;--awb-spacing-left-medium:1.92%;--awb-width-small:100%;--awb-order-small:0;--awb-spacing-right-small:1.92%;--awb-spacing-left-small:1.92%;\"><div class=\"fusion-column-wrapper fusion-column-has-shadow fusion-flex-justify-content-flex-start fusion-content-layout-column\"><div class=\"fusion-text fusion-text-4\"><p><span style=\"font-family: var(--awb-text-font-family); font-size: var(--awb-font-size); font-style: var(--awb-text-font-style); letter-spacing: var(--awb-letter-spacing); text-align: var(--awb-content-alignment); text-transform: var(--awb-text-transform);\">Nach den Sommerferien \u00f6ffnen wir wieder unsere T\u00fcren f\u00fcr alle <b>Tanzbegeisterten, Neugierigen und Wiedereinsteiger.<\/b><\/span><\/p>\n<p>W\u00e4hrend unserer Woche der offenen T\u00fcr k\u00f6nnt ihr vom 17. bis 23. August 2026 eine <b>ganze Woche lang kostenlos in unsere Kurse reinschnuppern<\/b> und die Vielfalt unserer Tanzschule kennenlernen.<\/p>\n<p>Egal ob Gesellschaftstanz, Salsa, West Coast Swing, Hip Hop, Kindertanzen oder viele weitere Tanzstile. In dieser Woche habt ihr die M\u00f6glichkeit, neue Kurse auszuprobieren, unsere Trainer:innen kennenzulernen und herauszufinden, welcher Tanzstil zu euch passt.<\/p>\n<p><b>Das erwartet euch:<\/b><\/p>\n<p>&#8211; Alle Kurse kostenlos testen<\/p>\n<p>&#8211; Keine Anmeldung erforderlich<\/p>\n<p>&#8211; F\u00fcr Anf\u00e4nger, Fortgeschrittene und Wiedereinsteiger<\/p>\n<p>&#8211; F\u00fcr Kinder, Jugendliche, Erwachsene und Paare<\/p>\n<p>&#8211; Unverbindlich vorbeikommen und mitmachen<\/p>\n<p><b>Neu dabei: Auch unsere Grund- und Aufbaukurse k\u00f6nnen in dieser Woche kostenlos besucht werden.<\/b><\/p>\n<p>2026 ist f\u00fcr uns ein ganz besonderes Jahr: Die Tanzschule Hull feiert ihr 60-j\u00e4hriges Bestehen. Seit 1966 bringen wir Menschen in Bewegung und freuen uns, dieses Jubil\u00e4umsjahr gemeinsam mit euch auf der Tanzfl\u00e4che zu feiern.<\/p>\n<p>Den aktuellen Stundenplan f\u00fcr die Woche der offenen T\u00fcr findet ihr auf unserer Website.<\/p>\n<p>Wir freuen uns auf euren Besuch!<\/p>\n<\/div><\/div><\/div><\/div><\/div><div class=\"fusion-fullwidth fullwidth-box fusion-builder-row-6 fusion-flex-container hundred-percent-fullwidth non-hundred-percent-height-scrolling\" style=\"--awb-background-position:left top;--awb-border-sizes-top:0px;--awb-border-sizes-bottom:0px;--awb-border-sizes-left:0px;--awb-border-sizes-right:0px;--awb-border-radius-top-left:0px;--awb-border-radius-top-right:0px;--awb-border-radius-bottom-right:0px;--awb-border-radius-bottom-left:0px;--awb-padding-top:3%;--awb-padding-bottom:3%;--awb-background-image:linear-gradient(180deg, #f7f7f7 0%,#ffffff 75%);--awb-flex-wrap:wrap;\" ><div class=\"fusion-builder-row fusion-row fusion-flex-align-items-flex-start fusion-flex-justify-content-center fusion-flex-content-wrap\" style=\"width:calc( 100% + 0px ) !important;max-width:calc( 100% + 0px ) !important;margin-left: calc(-0px \/ 2 );margin-right: calc(-0px \/ 2 );\"><div class=\"fusion-layout-column fusion_builder_column fusion-builder-column-11 fusion_builder_column_1_1 1_1 fusion-flex-column fusion-animated\" style=\"--awb-bg-blend:overlay;--awb-bg-size:cover;--awb-width-large:100%;--awb-margin-top-large:60px;--awb-spacing-right-large:calc( 0.02 * calc( 100% - 0px ) );--awb-margin-bottom-large:7px;--awb-spacing-left-large:calc( 0.02 * calc( 100% - 0px ) );--awb-width-medium:100%;--awb-spacing-right-medium:0px;--awb-spacing-left-medium:0px;--awb-width-small:100%;--awb-spacing-right-small:0px;--awb-spacing-left-small:0px;\" data-animationType=\"fadeInDown\" data-animationDuration=\"1.0\" data-animationOffset=\"top-into-view\"><div class=\"fusion-column-wrapper fusion-flex-justify-content-flex-start fusion-content-layout-column\"><div class=\"fusion-title title fusion-title-5 fusion-sep-none fusion-title-center fusion-title-text fusion-title-size-two\" style=\"--awb-margin-top:15px;--awb-margin-top-small:0px;--awb-margin-right-small:0px;--awb-margin-bottom-small:20px;--awb-margin-left-small:0px;--awb-font-size:90px;\"><h2 class=\"fusion-title-heading title-heading-center fusion-responsive-typography-calculated\" style=\"margin:0;font-size:1em;--fontSize:90;line-height:1;\">\n<div id=\"sb_instagram\" role=\"region\" aria-label=\"Instagram feed\"  class=\"sbi sbi_mob_col_1 sbi_tab_col_2 sbi_col_4\" style=\"padding-bottom: 10px; width: 100%;\"\t data-feedid=\"*1\"  data-res=\"auto\" data-cols=\"4\" data-colsmobile=\"1\" data-colstablet=\"2\" data-num=\"4\" data-nummobile=\"1\" data-item-padding=\"5\"\t data-shortcode-atts=\"{}\"  data-postid=\"15338\" data-locatornonce=\"38ad864d64\" data-imageaspectratio=\"4:5\" data-sbi-flags=\"favorLocal,gdpr\">\n\t<div class=\"sb_instagram_header  sbi_large\"   >\n\t<a class=\"sbi_header_link\" target=\"_blank\"\n\t   aria-label=\"teamhull on Instagram\"\n\t   rel=\"nofollow noopener\" href=\"https:\/\/www.instagram.com\/teamhull\/\" title=\"@teamhull\">\n\t\t<div class=\"sbi_header_text sbi_no_bio\">\n\t\t\t<div class=\"sbi_header_img\"  data-avatar-url=\"https:\/\/scontent-fra5-1.cdninstagram.com\/v\/t51.2885-19\/271910626_146991367727016_5209485622174533048_n.jpg?stp=dst-jpg_s206x206_tt6&amp;_nc_cat=100&amp;ccb=7-5&amp;_nc_sid=bf7eb4&amp;efg=eyJ2ZW5jb2RlX3RhZyI6InByb2ZpbGVfcGljLnd3dy4xMDgwLkMzIn0%3D&amp;_nc_ohc=5a-o-bX0IJQQ7kNvwF0jduS&amp;_nc_oc=AdpHl2ZcvjyR2KDy8RasJOmCpSoa7s57n8PzKY8P03iGn1UhgRU1NdDVgemghNSpHuY&amp;_nc_zt=24&amp;_nc_ht=scontent-fra5-1.cdninstagram.com&amp;edm=AP4hL3IEAAAA&amp;_nc_tpa=Q5bMBQLSNW29yU47NjXbzcXhMk2qN9jRFtNQ8vMUMY-Duc3eI2QOojqZdWzWnxd4uVt32Mv5Jb1N5CZEjw&amp;oh=00_AQLU1gM3gra9uCvLdnTpPAI9sEqtV4ldaxGH4UZ3z89Njw&amp;oe=6A9BF45C\">\n\t\t\t\t\t\t\t\t\t<div class=\"sbi_header_img_hover\"  ><svg class=\"sbi_new_logo fa-instagram fa-w-14\" aria-hidden=\"true\" data-fa-processed=\"\" aria-label=\"Instagram\" data-prefix=\"fab\" data-icon=\"instagram\" role=\"img\" viewBox=\"0 0 448 512\">\n                    <path fill=\"currentColor\" d=\"M224.1 141c-63.6 0-114.9 51.3-114.9 114.9s51.3 114.9 114.9 114.9S339 319.5 339 255.9 287.7 141 224.1 141zm0 189.6c-41.1 0-74.7-33.5-74.7-74.7s33.5-74.7 74.7-74.7 74.7 33.5 74.7 74.7-33.6 74.7-74.7 74.7zm146.4-194.3c0 14.9-12 26.8-26.8 26.8-14.9 0-26.8-12-26.8-26.8s12-26.8 26.8-26.8 26.8 12 26.8 26.8zm76.1 27.2c-1.7-35.9-9.9-67.7-36.2-93.9-26.2-26.2-58-34.4-93.9-36.2-37-2.1-147.9-2.1-184.9 0-35.8 1.7-67.6 9.9-93.9 36.1s-34.4 58-36.2 93.9c-2.1 37-2.1 147.9 0 184.9 1.7 35.9 9.9 67.7 36.2 93.9s58 34.4 93.9 36.2c37 2.1 147.9 2.1 184.9 0 35.9-1.7 67.7-9.9 93.9-36.2 26.2-26.2 34.4-58 36.2-93.9 2.1-37 2.1-147.8 0-184.8zM398.8 388c-7.8 19.6-22.9 34.7-42.6 42.6-29.5 11.7-99.5 9-132.1 9s-102.7 2.6-132.1-9c-19.6-7.8-34.7-22.9-42.6-42.6-11.7-29.5-9-99.5-9-132.1s-2.6-102.7 9-132.1c7.8-19.6 22.9-34.7 42.6-42.6 29.5-11.7 99.5-9 132.1-9s102.7-2.6 132.1 9c19.6 7.8 34.7 22.9 42.6 42.6 11.7 29.5 9 99.5 9 132.1s2.7 102.7-9 132.1z\"><\/path>\n                <\/svg><\/div>\n\t\t\t\t\t<img decoding=\"async\"  src=\"http:\/\/hull.de\/osnabrueck\/wp-content\/uploads\/sites\/2\/2023\/10\/WhatsApp-Image-2023-10-16-at-15.28.46.jpeg\" alt=\"\" width=\"50\" height=\"50\">\n\t\t\t\t\n\t\t\t\t\t\t\t<\/div>\n\n\t\t\t<div class=\"sbi_feedtheme_header_text\">\n\t\t\t\t<h3>teamhull<\/h3>\n\t\t\t\t\t\t\t<\/div>\n\t\t<\/div>\n\t<\/a>\n<\/div>\n\n\t<div id=\"sbi_images\" role=\"list\"  style=\"gap: 10px;\">\n\t\t<div class=\"sbi_item sbi_type_video sbi_new sbi_transition\" role=\"listitem\"\n\tid=\"sbi_18085209566689727\" data-date=\"1788199381\">\n\t<div class=\"sbi_photo_wrap\">\n\t\t<a class=\"sbi_photo\" href=\"https:\/\/www.instagram.com\/reel\/Dctrj0hsQ6w\/\" target=\"_blank\" rel=\"noopener nofollow\"\n\t\t\tdata-full-res=\"https:\/\/scontent-fra3-2.cdninstagram.com\/v\/t51.82787-15\/791436390_18620878141013792_7848861105638754252_n.jpg?stp=dst-jpg_e35_tt6&#038;_nc_cat=111&#038;ccb=7-5&#038;_nc_sid=18de74&#038;efg=eyJlZmdfdGFnIjoiQ0xJUFMuYmVzdF9pbWFnZV91cmxnZW4uQzMifQ%3D%3D&#038;_nc_ohc=-hTgHawXz8YQ7kNvwHDa_8O&#038;_nc_oc=AdrshL_RRCULVWCefiEehoonFCFyFqzLGySRkxVzgTvLX79_QCadshw6-Gw7s3R34kc&#038;_nc_zt=23&#038;_nc_ht=scontent-fra3-2.cdninstagram.com&#038;edm=ANo9K5cEAAAA&#038;_nc_gid=1OR_5XCvnGti6UxLsBYGqg&#038;_nc_tpa=Q5bMBQLvwuSCFndnKqJi1HOdpo41CmamXBtZYtsIfDT6OcwbCwkJ7RyFIZhA-0tgQyAz9BkUzyhEhhVGQQ&#038;oh=00_AQJHbWectKoV0ndNQQ6JKoJR7iFgalIVrFHlpxpSAjbP_A&#038;oe=6A9BF15D\"\n\t\t\tdata-img-src-set=\"{&quot;d&quot;:&quot;https:\\\/\\\/scontent-fra3-2.cdninstagram.com\\\/v\\\/t51.82787-15\\\/791436390_18620878141013792_7848861105638754252_n.jpg?stp=dst-jpg_e35_tt6&amp;_nc_cat=111&amp;ccb=7-5&amp;_nc_sid=18de74&amp;efg=eyJlZmdfdGFnIjoiQ0xJUFMuYmVzdF9pbWFnZV91cmxnZW4uQzMifQ%3D%3D&amp;_nc_ohc=-hTgHawXz8YQ7kNvwHDa_8O&amp;_nc_oc=AdrshL_RRCULVWCefiEehoonFCFyFqzLGySRkxVzgTvLX79_QCadshw6-Gw7s3R34kc&amp;_nc_zt=23&amp;_nc_ht=scontent-fra3-2.cdninstagram.com&amp;edm=ANo9K5cEAAAA&amp;_nc_gid=1OR_5XCvnGti6UxLsBYGqg&amp;_nc_tpa=Q5bMBQLvwuSCFndnKqJi1HOdpo41CmamXBtZYtsIfDT6OcwbCwkJ7RyFIZhA-0tgQyAz9BkUzyhEhhVGQQ&amp;oh=00_AQJHbWectKoV0ndNQQ6JKoJR7iFgalIVrFHlpxpSAjbP_A&amp;oe=6A9BF15D&quot;,&quot;150&quot;:&quot;https:\\\/\\\/scontent-fra3-2.cdninstagram.com\\\/v\\\/t51.82787-15\\\/791436390_18620878141013792_7848861105638754252_n.jpg?stp=dst-jpg_e35_tt6&amp;_nc_cat=111&amp;ccb=7-5&amp;_nc_sid=18de74&amp;efg=eyJlZmdfdGFnIjoiQ0xJUFMuYmVzdF9pbWFnZV91cmxnZW4uQzMifQ%3D%3D&amp;_nc_ohc=-hTgHawXz8YQ7kNvwHDa_8O&amp;_nc_oc=AdrshL_RRCULVWCefiEehoonFCFyFqzLGySRkxVzgTvLX79_QCadshw6-Gw7s3R34kc&amp;_nc_zt=23&amp;_nc_ht=scontent-fra3-2.cdninstagram.com&amp;edm=ANo9K5cEAAAA&amp;_nc_gid=1OR_5XCvnGti6UxLsBYGqg&amp;_nc_tpa=Q5bMBQLvwuSCFndnKqJi1HOdpo41CmamXBtZYtsIfDT6OcwbCwkJ7RyFIZhA-0tgQyAz9BkUzyhEhhVGQQ&amp;oh=00_AQJHbWectKoV0ndNQQ6JKoJR7iFgalIVrFHlpxpSAjbP_A&amp;oe=6A9BF15D&quot;,&quot;320&quot;:&quot;https:\\\/\\\/scontent-fra3-2.cdninstagram.com\\\/v\\\/t51.82787-15\\\/791436390_18620878141013792_7848861105638754252_n.jpg?stp=dst-jpg_e35_tt6&amp;_nc_cat=111&amp;ccb=7-5&amp;_nc_sid=18de74&amp;efg=eyJlZmdfdGFnIjoiQ0xJUFMuYmVzdF9pbWFnZV91cmxnZW4uQzMifQ%3D%3D&amp;_nc_ohc=-hTgHawXz8YQ7kNvwHDa_8O&amp;_nc_oc=AdrshL_RRCULVWCefiEehoonFCFyFqzLGySRkxVzgTvLX79_QCadshw6-Gw7s3R34kc&amp;_nc_zt=23&amp;_nc_ht=scontent-fra3-2.cdninstagram.com&amp;edm=ANo9K5cEAAAA&amp;_nc_gid=1OR_5XCvnGti6UxLsBYGqg&amp;_nc_tpa=Q5bMBQLvwuSCFndnKqJi1HOdpo41CmamXBtZYtsIfDT6OcwbCwkJ7RyFIZhA-0tgQyAz9BkUzyhEhhVGQQ&amp;oh=00_AQJHbWectKoV0ndNQQ6JKoJR7iFgalIVrFHlpxpSAjbP_A&amp;oe=6A9BF15D&quot;,&quot;640&quot;:&quot;https:\\\/\\\/scontent-fra3-2.cdninstagram.com\\\/v\\\/t51.82787-15\\\/791436390_18620878141013792_7848861105638754252_n.jpg?stp=dst-jpg_e35_tt6&amp;_nc_cat=111&amp;ccb=7-5&amp;_nc_sid=18de74&amp;efg=eyJlZmdfdGFnIjoiQ0xJUFMuYmVzdF9pbWFnZV91cmxnZW4uQzMifQ%3D%3D&amp;_nc_ohc=-hTgHawXz8YQ7kNvwHDa_8O&amp;_nc_oc=AdrshL_RRCULVWCefiEehoonFCFyFqzLGySRkxVzgTvLX79_QCadshw6-Gw7s3R34kc&amp;_nc_zt=23&amp;_nc_ht=scontent-fra3-2.cdninstagram.com&amp;edm=ANo9K5cEAAAA&amp;_nc_gid=1OR_5XCvnGti6UxLsBYGqg&amp;_nc_tpa=Q5bMBQLvwuSCFndnKqJi1HOdpo41CmamXBtZYtsIfDT6OcwbCwkJ7RyFIZhA-0tgQyAz9BkUzyhEhhVGQQ&amp;oh=00_AQJHbWectKoV0ndNQQ6JKoJR7iFgalIVrFHlpxpSAjbP_A&amp;oe=6A9BF15D&quot;}\">\n\t\t\t<span class=\"sbi-screenreader\">Tipp #1: Vertrau darauf, dass du dich selbst nicht<\/span>\n\t\t\t\t\t\t<svg style=\"color: rgba(255,255,255,1)\" class=\"svg-inline--fa fa-play fa-w-14 sbi_playbtn\" aria-label=\"Play\" aria-hidden=\"true\" data-fa-processed=\"\" data-prefix=\"fa\" data-icon=\"play\" role=\"presentation\" xmlns=\"http:\/\/www.w3.org\/2000\/svg\" viewBox=\"0 0 448 512\"><path fill=\"currentColor\" d=\"M424.4 214.7L72.4 6.6C43.8-10.3 0 6.1 0 47.9V464c0 37.5 40.7 60.1 72.4 41.3l352-208c31.4-18.5 31.5-64.1 0-82.6z\"><\/path><\/svg>\t\t\t<img decoding=\"async\" src=\"https:\/\/hull.de\/osnabrueck\/wp-content\/plugins\/instagram-feed\/img\/placeholder.png\" alt=\"Tipp #1: Vertrau darauf, dass du dich selbst nicht mit der Hand hauen wirst (Hoffen wir zumindest \ud83d\ude02)\n\nFalls der Gr\u00f6\u00dfenunterschied zwischen Leader &amp; Follower es nicht erlaubt, die Hand entspannt \u00fcber den Kopf zu heben, empfehlen wir einfach die Bauchstreichler-Variation. \n\nDenn: Nicht jede Bewegung muss perfekt aussehen \u2013 Hauptsache, sie f\u00fchlt sich gut an und funktioniert f\u00fcr euch!\n\nFolge @teamhull f\u00fcr mehr Dance Content.\n\n#DanceTips #LeaderAndFollower #TanzTipps #Partnerdance DanceFails TrustTheProcess\" aria-hidden=\"true\">\n\t\t<\/a>\n\t<\/div>\n<\/div><div class=\"sbi_item sbi_type_video sbi_new sbi_transition\" role=\"listitem\"\n\tid=\"sbi_18469461460112211\" data-date=\"1788107367\">\n\t<div class=\"sbi_photo_wrap\">\n\t\t<a class=\"sbi_photo\" href=\"https:\/\/www.instagram.com\/reel\/Dcq73OiM3qq\/\" target=\"_blank\" rel=\"noopener nofollow\"\n\t\t\tdata-full-res=\"https:\/\/scontent-fra5-2.cdninstagram.com\/v\/t51.82787-15\/791465433_18620502805013792_4860791697421082467_n.jpg?stp=dst-jpg_e35_tt6&#038;_nc_cat=107&#038;ccb=7-5&#038;_nc_sid=18de74&#038;efg=eyJlZmdfdGFnIjoiQ0xJUFMuYmVzdF9pbWFnZV91cmxnZW4uQzMifQ%3D%3D&#038;_nc_ohc=-hP0sMOk37UQ7kNvwFo122Y&#038;_nc_oc=Adqt6YxroiUIK3LKDU1Jn2WHK8KUkFNliRLR2p9kPGkM_9lGKo5_L1E-gsl4U1NBHJY&#038;_nc_zt=23&#038;_nc_ht=scontent-fra5-2.cdninstagram.com&#038;edm=ANo9K5cEAAAA&#038;_nc_gid=1OR_5XCvnGti6UxLsBYGqg&#038;_nc_tpa=Q5bMBQKgNn6HmiiLKrPWREprDBJiIlw97iUUBjHB1V5EfNRhXbrxpC19Ri2Cfu63yr_RYoNdAxg80wjhTQ&#038;oh=00_AQJV9PtfGOcCYyyolxLW1V-x29c5cfsduxAiel5LlMiNGg&#038;oe=6A9BD3EB\"\n\t\t\tdata-img-src-set=\"{&quot;d&quot;:&quot;https:\\\/\\\/scontent-fra5-2.cdninstagram.com\\\/v\\\/t51.82787-15\\\/791465433_18620502805013792_4860791697421082467_n.jpg?stp=dst-jpg_e35_tt6&amp;_nc_cat=107&amp;ccb=7-5&amp;_nc_sid=18de74&amp;efg=eyJlZmdfdGFnIjoiQ0xJUFMuYmVzdF9pbWFnZV91cmxnZW4uQzMifQ%3D%3D&amp;_nc_ohc=-hP0sMOk37UQ7kNvwFo122Y&amp;_nc_oc=Adqt6YxroiUIK3LKDU1Jn2WHK8KUkFNliRLR2p9kPGkM_9lGKo5_L1E-gsl4U1NBHJY&amp;_nc_zt=23&amp;_nc_ht=scontent-fra5-2.cdninstagram.com&amp;edm=ANo9K5cEAAAA&amp;_nc_gid=1OR_5XCvnGti6UxLsBYGqg&amp;_nc_tpa=Q5bMBQKgNn6HmiiLKrPWREprDBJiIlw97iUUBjHB1V5EfNRhXbrxpC19Ri2Cfu63yr_RYoNdAxg80wjhTQ&amp;oh=00_AQJV9PtfGOcCYyyolxLW1V-x29c5cfsduxAiel5LlMiNGg&amp;oe=6A9BD3EB&quot;,&quot;150&quot;:&quot;https:\\\/\\\/scontent-fra5-2.cdninstagram.com\\\/v\\\/t51.82787-15\\\/791465433_18620502805013792_4860791697421082467_n.jpg?stp=dst-jpg_e35_tt6&amp;_nc_cat=107&amp;ccb=7-5&amp;_nc_sid=18de74&amp;efg=eyJlZmdfdGFnIjoiQ0xJUFMuYmVzdF9pbWFnZV91cmxnZW4uQzMifQ%3D%3D&amp;_nc_ohc=-hP0sMOk37UQ7kNvwFo122Y&amp;_nc_oc=Adqt6YxroiUIK3LKDU1Jn2WHK8KUkFNliRLR2p9kPGkM_9lGKo5_L1E-gsl4U1NBHJY&amp;_nc_zt=23&amp;_nc_ht=scontent-fra5-2.cdninstagram.com&amp;edm=ANo9K5cEAAAA&amp;_nc_gid=1OR_5XCvnGti6UxLsBYGqg&amp;_nc_tpa=Q5bMBQKgNn6HmiiLKrPWREprDBJiIlw97iUUBjHB1V5EfNRhXbrxpC19Ri2Cfu63yr_RYoNdAxg80wjhTQ&amp;oh=00_AQJV9PtfGOcCYyyolxLW1V-x29c5cfsduxAiel5LlMiNGg&amp;oe=6A9BD3EB&quot;,&quot;320&quot;:&quot;https:\\\/\\\/scontent-fra5-2.cdninstagram.com\\\/v\\\/t51.82787-15\\\/791465433_18620502805013792_4860791697421082467_n.jpg?stp=dst-jpg_e35_tt6&amp;_nc_cat=107&amp;ccb=7-5&amp;_nc_sid=18de74&amp;efg=eyJlZmdfdGFnIjoiQ0xJUFMuYmVzdF9pbWFnZV91cmxnZW4uQzMifQ%3D%3D&amp;_nc_ohc=-hP0sMOk37UQ7kNvwFo122Y&amp;_nc_oc=Adqt6YxroiUIK3LKDU1Jn2WHK8KUkFNliRLR2p9kPGkM_9lGKo5_L1E-gsl4U1NBHJY&amp;_nc_zt=23&amp;_nc_ht=scontent-fra5-2.cdninstagram.com&amp;edm=ANo9K5cEAAAA&amp;_nc_gid=1OR_5XCvnGti6UxLsBYGqg&amp;_nc_tpa=Q5bMBQKgNn6HmiiLKrPWREprDBJiIlw97iUUBjHB1V5EfNRhXbrxpC19Ri2Cfu63yr_RYoNdAxg80wjhTQ&amp;oh=00_AQJV9PtfGOcCYyyolxLW1V-x29c5cfsduxAiel5LlMiNGg&amp;oe=6A9BD3EB&quot;,&quot;640&quot;:&quot;https:\\\/\\\/scontent-fra5-2.cdninstagram.com\\\/v\\\/t51.82787-15\\\/791465433_18620502805013792_4860791697421082467_n.jpg?stp=dst-jpg_e35_tt6&amp;_nc_cat=107&amp;ccb=7-5&amp;_nc_sid=18de74&amp;efg=eyJlZmdfdGFnIjoiQ0xJUFMuYmVzdF9pbWFnZV91cmxnZW4uQzMifQ%3D%3D&amp;_nc_ohc=-hP0sMOk37UQ7kNvwFo122Y&amp;_nc_oc=Adqt6YxroiUIK3LKDU1Jn2WHK8KUkFNliRLR2p9kPGkM_9lGKo5_L1E-gsl4U1NBHJY&amp;_nc_zt=23&amp;_nc_ht=scontent-fra5-2.cdninstagram.com&amp;edm=ANo9K5cEAAAA&amp;_nc_gid=1OR_5XCvnGti6UxLsBYGqg&amp;_nc_tpa=Q5bMBQKgNn6HmiiLKrPWREprDBJiIlw97iUUBjHB1V5EfNRhXbrxpC19Ri2Cfu63yr_RYoNdAxg80wjhTQ&amp;oh=00_AQJV9PtfGOcCYyyolxLW1V-x29c5cfsduxAiel5LlMiNGg&amp;oe=6A9BD3EB&quot;}\">\n\t\t\t<span class=\"sbi-screenreader\">Hey .  ein kleines Recap von unserem DTTW SUMMER<\/span>\n\t\t\t\t\t\t<svg style=\"color: rgba(255,255,255,1)\" class=\"svg-inline--fa fa-play fa-w-14 sbi_playbtn\" aria-label=\"Play\" aria-hidden=\"true\" data-fa-processed=\"\" data-prefix=\"fa\" data-icon=\"play\" role=\"presentation\" xmlns=\"http:\/\/www.w3.org\/2000\/svg\" viewBox=\"0 0 448 512\"><path fill=\"currentColor\" d=\"M424.4 214.7L72.4 6.6C43.8-10.3 0 6.1 0 47.9V464c0 37.5 40.7 60.1 72.4 41.3l352-208c31.4-18.5 31.5-64.1 0-82.6z\"><\/path><\/svg>\t\t\t<img decoding=\"async\" src=\"https:\/\/hull.de\/osnabrueck\/wp-content\/plugins\/instagram-feed\/img\/placeholder.png\" alt=\"Hey .\n\nein kleines Recap von unserem DTTW SUMMER \nWorkshop-Tag:\nSo sch\u00f6n zu sehen, dass so viele dabei waren und wir uns gegenseitig immer weiter pushen!\n\nMega geil \u2013 danke a die Trainer und danke an jeden aus unserer Community ! \ud83e\udef6\nGerne wieder!\" aria-hidden=\"true\">\n\t\t<\/a>\n\t<\/div>\n<\/div><div class=\"sbi_item sbi_type_video sbi_new sbi_transition\" role=\"listitem\"\n\tid=\"sbi_17904058134332829\" data-date=\"1787943680\">\n\t<div class=\"sbi_photo_wrap\">\n\t\t<a class=\"sbi_photo\" href=\"https:\/\/www.instagram.com\/reel\/DcmDGt_MP77\/\" target=\"_blank\" rel=\"noopener nofollow\"\n\t\t\tdata-full-res=\"https:\/\/scontent-fra5-2.cdninstagram.com\/v\/t51.82787-15\/790208458_18619851952013792_8008564835370653874_n.jpg?stp=dst-jpg_e35_tt6&#038;_nc_cat=107&#038;ccb=7-5&#038;_nc_sid=18de74&#038;efg=eyJlZmdfdGFnIjoiQ0xJUFMuYmVzdF9pbWFnZV91cmxnZW4uQzMifQ%3D%3D&#038;_nc_ohc=Yd5KtMH4Ky4Q7kNvwF4lms7&#038;_nc_oc=AdoI1QrTbNaHsBru_GTNt5WkNOy5GybuXRCm4ehn6mjEfP0QhfDPWXi_wbKxW_IYQm8&#038;_nc_zt=23&#038;_nc_ht=scontent-fra5-2.cdninstagram.com&#038;edm=ANo9K5cEAAAA&#038;_nc_gid=1OR_5XCvnGti6UxLsBYGqg&#038;_nc_tpa=Q5bMBQL2cw6qNRAoZ5pSNutSqbaEI58rVNFiapsk00hd4sKLL_BbBcXK2B6d_4BucKLg0lBUGNwC9mQyZw&#038;oh=00_AQK7o7e4xpwqvvUD2DD3mnqKXaHQARdYSzG_k_QCNPbyEw&#038;oe=6A9BCC35\"\n\t\t\tdata-img-src-set=\"{&quot;d&quot;:&quot;https:\\\/\\\/scontent-fra5-2.cdninstagram.com\\\/v\\\/t51.82787-15\\\/790208458_18619851952013792_8008564835370653874_n.jpg?stp=dst-jpg_e35_tt6&amp;_nc_cat=107&amp;ccb=7-5&amp;_nc_sid=18de74&amp;efg=eyJlZmdfdGFnIjoiQ0xJUFMuYmVzdF9pbWFnZV91cmxnZW4uQzMifQ%3D%3D&amp;_nc_ohc=Yd5KtMH4Ky4Q7kNvwF4lms7&amp;_nc_oc=AdoI1QrTbNaHsBru_GTNt5WkNOy5GybuXRCm4ehn6mjEfP0QhfDPWXi_wbKxW_IYQm8&amp;_nc_zt=23&amp;_nc_ht=scontent-fra5-2.cdninstagram.com&amp;edm=ANo9K5cEAAAA&amp;_nc_gid=1OR_5XCvnGti6UxLsBYGqg&amp;_nc_tpa=Q5bMBQL2cw6qNRAoZ5pSNutSqbaEI58rVNFiapsk00hd4sKLL_BbBcXK2B6d_4BucKLg0lBUGNwC9mQyZw&amp;oh=00_AQK7o7e4xpwqvvUD2DD3mnqKXaHQARdYSzG_k_QCNPbyEw&amp;oe=6A9BCC35&quot;,&quot;150&quot;:&quot;https:\\\/\\\/scontent-fra5-2.cdninstagram.com\\\/v\\\/t51.82787-15\\\/790208458_18619851952013792_8008564835370653874_n.jpg?stp=dst-jpg_e35_tt6&amp;_nc_cat=107&amp;ccb=7-5&amp;_nc_sid=18de74&amp;efg=eyJlZmdfdGFnIjoiQ0xJUFMuYmVzdF9pbWFnZV91cmxnZW4uQzMifQ%3D%3D&amp;_nc_ohc=Yd5KtMH4Ky4Q7kNvwF4lms7&amp;_nc_oc=AdoI1QrTbNaHsBru_GTNt5WkNOy5GybuXRCm4ehn6mjEfP0QhfDPWXi_wbKxW_IYQm8&amp;_nc_zt=23&amp;_nc_ht=scontent-fra5-2.cdninstagram.com&amp;edm=ANo9K5cEAAAA&amp;_nc_gid=1OR_5XCvnGti6UxLsBYGqg&amp;_nc_tpa=Q5bMBQL2cw6qNRAoZ5pSNutSqbaEI58rVNFiapsk00hd4sKLL_BbBcXK2B6d_4BucKLg0lBUGNwC9mQyZw&amp;oh=00_AQK7o7e4xpwqvvUD2DD3mnqKXaHQARdYSzG_k_QCNPbyEw&amp;oe=6A9BCC35&quot;,&quot;320&quot;:&quot;https:\\\/\\\/scontent-fra5-2.cdninstagram.com\\\/v\\\/t51.82787-15\\\/790208458_18619851952013792_8008564835370653874_n.jpg?stp=dst-jpg_e35_tt6&amp;_nc_cat=107&amp;ccb=7-5&amp;_nc_sid=18de74&amp;efg=eyJlZmdfdGFnIjoiQ0xJUFMuYmVzdF9pbWFnZV91cmxnZW4uQzMifQ%3D%3D&amp;_nc_ohc=Yd5KtMH4Ky4Q7kNvwF4lms7&amp;_nc_oc=AdoI1QrTbNaHsBru_GTNt5WkNOy5GybuXRCm4ehn6mjEfP0QhfDPWXi_wbKxW_IYQm8&amp;_nc_zt=23&amp;_nc_ht=scontent-fra5-2.cdninstagram.com&amp;edm=ANo9K5cEAAAA&amp;_nc_gid=1OR_5XCvnGti6UxLsBYGqg&amp;_nc_tpa=Q5bMBQL2cw6qNRAoZ5pSNutSqbaEI58rVNFiapsk00hd4sKLL_BbBcXK2B6d_4BucKLg0lBUGNwC9mQyZw&amp;oh=00_AQK7o7e4xpwqvvUD2DD3mnqKXaHQARdYSzG_k_QCNPbyEw&amp;oe=6A9BCC35&quot;,&quot;640&quot;:&quot;https:\\\/\\\/scontent-fra5-2.cdninstagram.com\\\/v\\\/t51.82787-15\\\/790208458_18619851952013792_8008564835370653874_n.jpg?stp=dst-jpg_e35_tt6&amp;_nc_cat=107&amp;ccb=7-5&amp;_nc_sid=18de74&amp;efg=eyJlZmdfdGFnIjoiQ0xJUFMuYmVzdF9pbWFnZV91cmxnZW4uQzMifQ%3D%3D&amp;_nc_ohc=Yd5KtMH4Ky4Q7kNvwF4lms7&amp;_nc_oc=AdoI1QrTbNaHsBru_GTNt5WkNOy5GybuXRCm4ehn6mjEfP0QhfDPWXi_wbKxW_IYQm8&amp;_nc_zt=23&amp;_nc_ht=scontent-fra5-2.cdninstagram.com&amp;edm=ANo9K5cEAAAA&amp;_nc_gid=1OR_5XCvnGti6UxLsBYGqg&amp;_nc_tpa=Q5bMBQL2cw6qNRAoZ5pSNutSqbaEI58rVNFiapsk00hd4sKLL_BbBcXK2B6d_4BucKLg0lBUGNwC9mQyZw&amp;oh=00_AQK7o7e4xpwqvvUD2DD3mnqKXaHQARdYSzG_k_QCNPbyEw&amp;oe=6A9BCC35&quot;}\">\n\t\t\t<span class=\"sbi-screenreader\">Unsere \u2705 and \u274c \u2013 Round 2 !  Was sind deine absolut<\/span>\n\t\t\t\t\t\t<svg style=\"color: rgba(255,255,255,1)\" class=\"svg-inline--fa fa-play fa-w-14 sbi_playbtn\" aria-label=\"Play\" aria-hidden=\"true\" data-fa-processed=\"\" data-prefix=\"fa\" data-icon=\"play\" role=\"presentation\" xmlns=\"http:\/\/www.w3.org\/2000\/svg\" viewBox=\"0 0 448 512\"><path fill=\"currentColor\" d=\"M424.4 214.7L72.4 6.6C43.8-10.3 0 6.1 0 47.9V464c0 37.5 40.7 60.1 72.4 41.3l352-208c31.4-18.5 31.5-64.1 0-82.6z\"><\/path><\/svg>\t\t\t<img decoding=\"async\" src=\"https:\/\/hull.de\/osnabrueck\/wp-content\/plugins\/instagram-feed\/img\/placeholder.png\" alt=\"Unsere \u2705 and \u274c \u2013 Round 2 !\n\nWas sind deine absoluten Do\u2019s und Don\u2019ts?\nErz\u00e4hl\u2019s uns in den Kommentaren! \ud83d\udc47\" aria-hidden=\"true\">\n\t\t<\/a>\n\t<\/div>\n<\/div><div class=\"sbi_item sbi_type_video sbi_new sbi_transition\" role=\"listitem\"\n\tid=\"sbi_17905399812303970\" data-date=\"1787652005\">\n\t<div class=\"sbi_photo_wrap\">\n\t\t<a class=\"sbi_photo\" href=\"https:\/\/www.instagram.com\/reel\/DcdX7L9hhEa\/\" target=\"_blank\" rel=\"noopener nofollow\"\n\t\t\tdata-full-res=\"https:\/\/scontent-fra3-1.cdninstagram.com\/v\/t51.82787-15\/781425562_18616706893013792_5214461857379869628_n.jpg?stp=dst-jpg_e35_tt6&#038;_nc_cat=105&#038;ccb=7-5&#038;_nc_sid=18de74&#038;efg=eyJlZmdfdGFnIjoiQ0xJUFMuYmVzdF9pbWFnZV91cmxnZW4uQzMifQ%3D%3D&#038;_nc_ohc=tuKztA8uZikQ7kNvwEKBvuC&#038;_nc_oc=AdoEgUpUuPtJe9x1xIPAkska2APYvN9klznRt37Et8q5S47n6YJB80QK2J0QDQqlOg8&#038;_nc_zt=23&#038;_nc_ht=scontent-fra3-1.cdninstagram.com&#038;edm=ANo9K5cEAAAA&#038;_nc_gid=1OR_5XCvnGti6UxLsBYGqg&#038;_nc_tpa=Q5bMBQIHz_2z9YNhe9SyCGD1JZvRVIQmREknBISdzsXRahjZWi79B2HKgPDb0AiCoyQi2F6ixFq3lSIQVQ&#038;oh=00_AQJRF1xqIyxXWUE6zzjqJxRODUs9ngB955wbW-22lwtZ4g&#038;oe=6A9BBE95\"\n\t\t\tdata-img-src-set=\"{&quot;d&quot;:&quot;https:\\\/\\\/scontent-fra3-1.cdninstagram.com\\\/v\\\/t51.82787-15\\\/781425562_18616706893013792_5214461857379869628_n.jpg?stp=dst-jpg_e35_tt6&amp;_nc_cat=105&amp;ccb=7-5&amp;_nc_sid=18de74&amp;efg=eyJlZmdfdGFnIjoiQ0xJUFMuYmVzdF9pbWFnZV91cmxnZW4uQzMifQ%3D%3D&amp;_nc_ohc=tuKztA8uZikQ7kNvwEKBvuC&amp;_nc_oc=AdoEgUpUuPtJe9x1xIPAkska2APYvN9klznRt37Et8q5S47n6YJB80QK2J0QDQqlOg8&amp;_nc_zt=23&amp;_nc_ht=scontent-fra3-1.cdninstagram.com&amp;edm=ANo9K5cEAAAA&amp;_nc_gid=1OR_5XCvnGti6UxLsBYGqg&amp;_nc_tpa=Q5bMBQIHz_2z9YNhe9SyCGD1JZvRVIQmREknBISdzsXRahjZWi79B2HKgPDb0AiCoyQi2F6ixFq3lSIQVQ&amp;oh=00_AQJRF1xqIyxXWUE6zzjqJxRODUs9ngB955wbW-22lwtZ4g&amp;oe=6A9BBE95&quot;,&quot;150&quot;:&quot;https:\\\/\\\/scontent-fra3-1.cdninstagram.com\\\/v\\\/t51.82787-15\\\/781425562_18616706893013792_5214461857379869628_n.jpg?stp=dst-jpg_e35_tt6&amp;_nc_cat=105&amp;ccb=7-5&amp;_nc_sid=18de74&amp;efg=eyJlZmdfdGFnIjoiQ0xJUFMuYmVzdF9pbWFnZV91cmxnZW4uQzMifQ%3D%3D&amp;_nc_ohc=tuKztA8uZikQ7kNvwEKBvuC&amp;_nc_oc=AdoEgUpUuPtJe9x1xIPAkska2APYvN9klznRt37Et8q5S47n6YJB80QK2J0QDQqlOg8&amp;_nc_zt=23&amp;_nc_ht=scontent-fra3-1.cdninstagram.com&amp;edm=ANo9K5cEAAAA&amp;_nc_gid=1OR_5XCvnGti6UxLsBYGqg&amp;_nc_tpa=Q5bMBQIHz_2z9YNhe9SyCGD1JZvRVIQmREknBISdzsXRahjZWi79B2HKgPDb0AiCoyQi2F6ixFq3lSIQVQ&amp;oh=00_AQJRF1xqIyxXWUE6zzjqJxRODUs9ngB955wbW-22lwtZ4g&amp;oe=6A9BBE95&quot;,&quot;320&quot;:&quot;https:\\\/\\\/scontent-fra3-1.cdninstagram.com\\\/v\\\/t51.82787-15\\\/781425562_18616706893013792_5214461857379869628_n.jpg?stp=dst-jpg_e35_tt6&amp;_nc_cat=105&amp;ccb=7-5&amp;_nc_sid=18de74&amp;efg=eyJlZmdfdGFnIjoiQ0xJUFMuYmVzdF9pbWFnZV91cmxnZW4uQzMifQ%3D%3D&amp;_nc_ohc=tuKztA8uZikQ7kNvwEKBvuC&amp;_nc_oc=AdoEgUpUuPtJe9x1xIPAkska2APYvN9klznRt37Et8q5S47n6YJB80QK2J0QDQqlOg8&amp;_nc_zt=23&amp;_nc_ht=scontent-fra3-1.cdninstagram.com&amp;edm=ANo9K5cEAAAA&amp;_nc_gid=1OR_5XCvnGti6UxLsBYGqg&amp;_nc_tpa=Q5bMBQIHz_2z9YNhe9SyCGD1JZvRVIQmREknBISdzsXRahjZWi79B2HKgPDb0AiCoyQi2F6ixFq3lSIQVQ&amp;oh=00_AQJRF1xqIyxXWUE6zzjqJxRODUs9ngB955wbW-22lwtZ4g&amp;oe=6A9BBE95&quot;,&quot;640&quot;:&quot;https:\\\/\\\/scontent-fra3-1.cdninstagram.com\\\/v\\\/t51.82787-15\\\/781425562_18616706893013792_5214461857379869628_n.jpg?stp=dst-jpg_e35_tt6&amp;_nc_cat=105&amp;ccb=7-5&amp;_nc_sid=18de74&amp;efg=eyJlZmdfdGFnIjoiQ0xJUFMuYmVzdF9pbWFnZV91cmxnZW4uQzMifQ%3D%3D&amp;_nc_ohc=tuKztA8uZikQ7kNvwEKBvuC&amp;_nc_oc=AdoEgUpUuPtJe9x1xIPAkska2APYvN9klznRt37Et8q5S47n6YJB80QK2J0QDQqlOg8&amp;_nc_zt=23&amp;_nc_ht=scontent-fra3-1.cdninstagram.com&amp;edm=ANo9K5cEAAAA&amp;_nc_gid=1OR_5XCvnGti6UxLsBYGqg&amp;_nc_tpa=Q5bMBQIHz_2z9YNhe9SyCGD1JZvRVIQmREknBISdzsXRahjZWi79B2HKgPDb0AiCoyQi2F6ixFq3lSIQVQ&amp;oh=00_AQJRF1xqIyxXWUE6zzjqJxRODUs9ngB955wbW-22lwtZ4g&amp;oe=6A9BBE95&quot;}\">\n\t\t\t<span class=\"sbi-screenreader\">Say hello to Nastya \ud83d\udc4b  #teamhull<\/span>\n\t\t\t\t\t\t<svg style=\"color: rgba(255,255,255,1)\" class=\"svg-inline--fa fa-play fa-w-14 sbi_playbtn\" aria-label=\"Play\" aria-hidden=\"true\" data-fa-processed=\"\" data-prefix=\"fa\" data-icon=\"play\" role=\"presentation\" xmlns=\"http:\/\/www.w3.org\/2000\/svg\" viewBox=\"0 0 448 512\"><path fill=\"currentColor\" d=\"M424.4 214.7L72.4 6.6C43.8-10.3 0 6.1 0 47.9V464c0 37.5 40.7 60.1 72.4 41.3l352-208c31.4-18.5 31.5-64.1 0-82.6z\"><\/path><\/svg>\t\t\t<img decoding=\"async\" src=\"https:\/\/hull.de\/osnabrueck\/wp-content\/plugins\/instagram-feed\/img\/placeholder.png\" alt=\"Say hello to Nastya \ud83d\udc4b\n\n#teamhull\" aria-hidden=\"true\">\n\t\t<\/a>\n\t<\/div>\n<\/div>\t<\/div>\n\n\t<div id=\"sbi_load\" >\n\n\t<div class=\"sbi-screenreader\" aria-live=\"polite\" aria-atomic=\"true\" data-sbi-feed-status><\/div>\n\n\t\n\t\n<\/div>\n\t\t<span class=\"sbi_resized_image_data\" data-feed-id=\"*1\"\n\t\t  data-resized=\"{&quot;17905399812303970&quot;:{&quot;id&quot;:&quot;781425562_18616706893013792_5214461857379869628_n&quot;,&quot;ratio&quot;:&quot;0.56&quot;,&quot;sizes&quot;:{&quot;full&quot;:640,&quot;low&quot;:320,&quot;thumb&quot;:150},&quot;extension&quot;:&quot;.webp&quot;},&quot;17904058134332829&quot;:{&quot;id&quot;:&quot;790208458_18619851952013792_8008564835370653874_n&quot;,&quot;ratio&quot;:&quot;0.56&quot;,&quot;sizes&quot;:{&quot;full&quot;:640,&quot;low&quot;:320,&quot;thumb&quot;:150},&quot;extension&quot;:&quot;.webp&quot;},&quot;18469461460112211&quot;:{&quot;id&quot;:&quot;791465433_18620502805013792_4860791697421082467_n&quot;,&quot;ratio&quot;:&quot;0.56&quot;,&quot;sizes&quot;:{&quot;full&quot;:640,&quot;low&quot;:320,&quot;thumb&quot;:150},&quot;extension&quot;:&quot;.webp&quot;},&quot;18085209566689727&quot;:{&quot;id&quot;:&quot;791436390_18620878141013792_7848861105638754252_n&quot;,&quot;ratio&quot;:&quot;0.56&quot;,&quot;sizes&quot;:{&quot;full&quot;:640,&quot;low&quot;:320,&quot;thumb&quot;:150},&quot;extension&quot;:&quot;.webp&quot;}}\">\n\t<\/span>\n\t<\/div>\n\n<\/h2><\/div><\/div><\/div><\/div><\/div><\/p>\n","protected":false},"excerpt":{"rendered":"","protected":false},"author":1,"featured_media":0,"parent":0,"menu_order":0,"comment_status":"closed","ping_status":"closed","template":"100-width.php","meta":{"footnotes":"","_links_to":"","_links_to_target":""},"class_list":["post-15338","page","type-page","status-publish","hentry"],"yoast_head":"<!-- This site is optimized with the Yoast SEO plugin v28.3 - https:\/\/yoast.com\/product\/yoast-seo-wordpress\/ -->\n<title>Veranstaltungskalender - Hull Osnabr\u00fcck<\/title>\n<meta name=\"robots\" content=\"index, follow, max-snippet:-1, max-image-preview:large, max-video-preview:-1\" \/>\n<link rel=\"canonical\" href=\"https:\/\/hull.de\/osnabrueck\/veranstaltungskalender\/\" \/>\n<meta property=\"og:locale\" content=\"de_DE\" \/>\n<meta property=\"og:type\" content=\"article\" \/>\n<meta property=\"og:title\" content=\"Veranstaltungskalender - Hull Osnabr\u00fcck\" \/>\n<meta property=\"og:url\" content=\"https:\/\/hull.de\/osnabrueck\/veranstaltungskalender\/\" \/>\n<meta property=\"og:site_name\" content=\"Hull Osnabr\u00fcck\" \/>\n<meta property=\"article:modified_time\" content=\"2026-08-19T12:13:30+00:00\" \/>\n<meta property=\"og:image\" content=\"https:\/\/s.w.org\/images\/core\/emoji\/17.0.2\/svg\/1f4a5.svg\" \/>\n<meta name=\"twitter:card\" content=\"summary_large_image\" \/>\n<meta name=\"twitter:label1\" content=\"Gesch\u00e4tzte Lesezeit\" \/>\n\t<meta name=\"twitter:data1\" content=\"27\u00a0Minuten\" \/>\n<script type=\"application\/ld+json\" class=\"yoast-schema-graph\">{\"@context\":\"https:\\\/\\\/schema.org\",\"@graph\":[{\"@type\":\"WebPage\",\"@id\":\"https:\\\/\\\/hull.de\\\/osnabrueck\\\/veranstaltungskalender\\\/\",\"url\":\"https:\\\/\\\/hull.de\\\/osnabrueck\\\/veranstaltungskalender\\\/\",\"name\":\"Veranstaltungskalender - Hull Osnabr\u00fcck\",\"isPartOf\":{\"@id\":\"https:\\\/\\\/hull.de\\\/osnabrueck\\\/#website\"},\"primaryImageOfPage\":{\"@id\":\"https:\\\/\\\/hull.de\\\/osnabrueck\\\/veranstaltungskalender\\\/#primaryimage\"},\"image\":{\"@id\":\"https:\\\/\\\/hull.de\\\/osnabrueck\\\/veranstaltungskalender\\\/#primaryimage\"},\"thumbnailUrl\":\"https:\\\/\\\/s.w.org\\\/images\\\/core\\\/emoji\\\/17.0.2\\\/svg\\\/1f4a5.svg\",\"datePublished\":\"2022-02-07T12:16:10+00:00\",\"dateModified\":\"2026-08-19T12:13:30+00:00\",\"breadcrumb\":{\"@id\":\"https:\\\/\\\/hull.de\\\/osnabrueck\\\/veranstaltungskalender\\\/#breadcrumb\"},\"inLanguage\":\"de\",\"potentialAction\":[{\"@type\":\"ReadAction\",\"target\":[\"https:\\\/\\\/hull.de\\\/osnabrueck\\\/veranstaltungskalender\\\/\"]}]},{\"@type\":\"ImageObject\",\"inLanguage\":\"de\",\"@id\":\"https:\\\/\\\/hull.de\\\/osnabrueck\\\/veranstaltungskalender\\\/#primaryimage\",\"url\":\"https:\\\/\\\/s.w.org\\\/images\\\/core\\\/emoji\\\/17.0.2\\\/svg\\\/1f4a5.svg\",\"contentUrl\":\"https:\\\/\\\/s.w.org\\\/images\\\/core\\\/emoji\\\/17.0.2\\\/svg\\\/1f4a5.svg\"},{\"@type\":\"BreadcrumbList\",\"@id\":\"https:\\\/\\\/hull.de\\\/osnabrueck\\\/veranstaltungskalender\\\/#breadcrumb\",\"itemListElement\":[{\"@type\":\"ListItem\",\"position\":1,\"name\":\"Startseite\",\"item\":\"https:\\\/\\\/hull.de\\\/osnabrueck\\\/\"},{\"@type\":\"ListItem\",\"position\":2,\"name\":\"Veranstaltungskalender\"}]},{\"@type\":\"WebSite\",\"@id\":\"https:\\\/\\\/hull.de\\\/osnabrueck\\\/#website\",\"url\":\"https:\\\/\\\/hull.de\\\/osnabrueck\\\/\",\"name\":\"Hull Osnabr\u00fcck\",\"description\":\"\",\"potentialAction\":[{\"@type\":\"SearchAction\",\"target\":{\"@type\":\"EntryPoint\",\"urlTemplate\":\"https:\\\/\\\/hull.de\\\/osnabrueck\\\/?s={search_term_string}\"},\"query-input\":{\"@type\":\"PropertyValueSpecification\",\"valueRequired\":true,\"valueName\":\"search_term_string\"}}],\"inLanguage\":\"de\"}]}<\/script>\n<!-- \/ Yoast SEO plugin. -->","yoast_head_json":{"title":"Veranstaltungskalender - Hull Osnabr\u00fcck","robots":{"index":"index","follow":"follow","max-snippet":"max-snippet:-1","max-image-preview":"max-image-preview:large","max-video-preview":"max-video-preview:-1"},"canonical":"https:\/\/hull.de\/osnabrueck\/veranstaltungskalender\/","og_locale":"de_DE","og_type":"article","og_title":"Veranstaltungskalender - Hull Osnabr\u00fcck","og_url":"https:\/\/hull.de\/osnabrueck\/veranstaltungskalender\/","og_site_name":"Hull Osnabr\u00fcck","article_modified_time":"2026-08-19T12:13:30+00:00","og_image":[{"url":"https:\/\/s.w.org\/images\/core\/emoji\/17.0.2\/svg\/1f4a5.svg","type":"","width":"","height":""}],"twitter_card":"summary_large_image","twitter_misc":{"Gesch\u00e4tzte Lesezeit":"27\u00a0Minuten"},"schema":{"@context":"https:\/\/schema.org","@graph":[{"@type":"WebPage","@id":"https:\/\/hull.de\/osnabrueck\/veranstaltungskalender\/","url":"https:\/\/hull.de\/osnabrueck\/veranstaltungskalender\/","name":"Veranstaltungskalender - Hull Osnabr\u00fcck","isPartOf":{"@id":"https:\/\/hull.de\/osnabrueck\/#website"},"primaryImageOfPage":{"@id":"https:\/\/hull.de\/osnabrueck\/veranstaltungskalender\/#primaryimage"},"image":{"@id":"https:\/\/hull.de\/osnabrueck\/veranstaltungskalender\/#primaryimage"},"thumbnailUrl":"https:\/\/s.w.org\/images\/core\/emoji\/17.0.2\/svg\/1f4a5.svg","datePublished":"2022-02-07T12:16:10+00:00","dateModified":"2026-08-19T12:13:30+00:00","breadcrumb":{"@id":"https:\/\/hull.de\/osnabrueck\/veranstaltungskalender\/#breadcrumb"},"inLanguage":"de","potentialAction":[{"@type":"ReadAction","target":["https:\/\/hull.de\/osnabrueck\/veranstaltungskalender\/"]}]},{"@type":"ImageObject","inLanguage":"de","@id":"https:\/\/hull.de\/osnabrueck\/veranstaltungskalender\/#primaryimage","url":"https:\/\/s.w.org\/images\/core\/emoji\/17.0.2\/svg\/1f4a5.svg","contentUrl":"https:\/\/s.w.org\/images\/core\/emoji\/17.0.2\/svg\/1f4a5.svg"},{"@type":"BreadcrumbList","@id":"https:\/\/hull.de\/osnabrueck\/veranstaltungskalender\/#breadcrumb","itemListElement":[{"@type":"ListItem","position":1,"name":"Startseite","item":"https:\/\/hull.de\/osnabrueck\/"},{"@type":"ListItem","position":2,"name":"Veranstaltungskalender"}]},{"@type":"WebSite","@id":"https:\/\/hull.de\/osnabrueck\/#website","url":"https:\/\/hull.de\/osnabrueck\/","name":"Hull Osnabr\u00fcck","description":"","potentialAction":[{"@type":"SearchAction","target":{"@type":"EntryPoint","urlTemplate":"https:\/\/hull.de\/osnabrueck\/?s={search_term_string}"},"query-input":{"@type":"PropertyValueSpecification","valueRequired":true,"valueName":"search_term_string"}}],"inLanguage":"de"}]}},"_links":{"self":[{"href":"https:\/\/hull.de\/osnabrueck\/wp-json\/wp\/v2\/pages\/15338","targetHints":{"allow":["GET"]}}],"collection":[{"href":"https:\/\/hull.de\/osnabrueck\/wp-json\/wp\/v2\/pages"}],"about":[{"href":"https:\/\/hull.de\/osnabrueck\/wp-json\/wp\/v2\/types\/page"}],"author":[{"embeddable":true,"href":"https:\/\/hull.de\/osnabrueck\/wp-json\/wp\/v2\/users\/1"}],"replies":[{"embeddable":true,"href":"https:\/\/hull.de\/osnabrueck\/wp-json\/wp\/v2\/comments?post=15338"}],"version-history":[{"count":126,"href":"https:\/\/hull.de\/osnabrueck\/wp-json\/wp\/v2\/pages\/15338\/revisions"}],"predecessor-version":[{"id":17507,"href":"https:\/\/hull.de\/osnabrueck\/wp-json\/wp\/v2\/pages\/15338\/revisions\/17507"}],"wp:attachment":[{"href":"https:\/\/hull.de\/osnabrueck\/wp-json\/wp\/v2\/media?parent=15338"}],"curies":[{"name":"wp","href":"https:\/\/api.w.org\/{rel}","templated":true}]}}